{"id":455,"date":"2024-01-06T15:11:30","date_gmt":"2024-01-06T14:11:30","guid":{"rendered":"https:\/\/malanew.org\/home\/"},"modified":"2024-02-01T18:01:13","modified_gmt":"2024-02-01T17:01:13","slug":"home","status":"publish","type":"page","link":"https:\/\/malanew.org\/","title":{"rendered":"Home"},"content":{"rendered":"\t\t<div data-elementor-type=\"wp-page\" data-elementor-id=\"455\" class=\"elementor elementor-455\">\n\t\t\t\t<div class=\"elementor-element elementor-element-41cf9e7 e-con-full e-flex e-con e-parent\" data-id=\"41cf9e7\" data-element_type=\"container\" data-e-type=\"container\">\n\t\t\t\t<div class=\"elementor-element elementor-element-e534d75 elementor-widget elementor-widget-image\" data-id=\"e534d75\" data-element_type=\"widget\" data-e-type=\"widget\" data-widget_type=\"image.default\">\n\t\t\t\t<div class=\"elementor-widget-container\">\n\t\t\t\t\t\t\t\t\t\t\t\t<figure class=\"wp-caption\">\n\t\t\t\t\t\t\t\t\t\t<img fetchpriority=\"high\" decoding=\"async\" width=\"2560\" height=\"384\" src=\"https:\/\/malanew.org\/wp-content\/uploads\/2024\/01\/211028_oph_mala_43-1-scaled.jpg\" class=\"attachment-full size-full wp-image-666\" alt=\"\" srcset=\"https:\/\/malanew.org\/wp-content\/uploads\/2024\/01\/211028_oph_mala_43-1-scaled.jpg 2560w, https:\/\/malanew.org\/wp-content\/uploads\/2024\/01\/211028_oph_mala_43-1-300x45.jpg 300w, https:\/\/malanew.org\/wp-content\/uploads\/2024\/01\/211028_oph_mala_43-1-1024x154.jpg 1024w, https:\/\/malanew.org\/wp-content\/uploads\/2024\/01\/211028_oph_mala_43-1-768x115.jpg 768w, https:\/\/malanew.org\/wp-content\/uploads\/2024\/01\/211028_oph_mala_43-1-1536x230.jpg 1536w, https:\/\/malanew.org\/wp-content\/uploads\/2024\/01\/211028_oph_mala_43-1-2048x307.jpg 2048w\" sizes=\"(max-width: 2560px) 100vw, 2560px\" \/>\t\t\t\t\t\t\t\t\t\t\t<figcaption class=\"widget-image-caption wp-caption-text\">Photo Marc Pataut<\/figcaption>\n\t\t\t\t\t\t\t\t\t\t<\/figure>\n\t\t\t\t\t\t\t\t\t<\/div>\n\t\t\t\t<\/div>\n\t\t\t\t<\/div>\n\t\t<div class=\"elementor-element elementor-element-612ef85 e-flex e-con-boxed e-con e-parent\" data-id=\"612ef85\" data-element_type=\"container\" data-e-type=\"container\">\n\t\t\t\t\t<div class=\"e-con-inner\">\n\t\t\t\t<div class=\"elementor-element elementor-element-a77eed1 elementor-widget elementor-widget-heading\" data-id=\"a77eed1\" data-element_type=\"widget\" data-e-type=\"widget\" data-widget_type=\"heading.default\">\n\t\t\t\t<div class=\"elementor-widget-container\">\n\t\t\t\t\t<h2 class=\"elementor-heading-title elementor-size-default\"><br>Le collectif des habitants et associations de la Maladrerie<\/h2>\t\t\t\t<\/div>\n\t\t\t\t<\/div>\n\t\t\t\t<div class=\"elementor-element elementor-element-d236521 elementor-widget elementor-widget-text-editor\" data-id=\"d236521\" data-element_type=\"widget\" data-e-type=\"widget\" data-widget_type=\"text-editor.default\">\n\t\t\t\t<div class=\"elementor-widget-container\">\n\t\t\t\t\t\t\t\t\t<p>Le collectif des associations et habitants d&rsquo;Aubervilliers s&rsquo;est form\u00e9 du fait du projet NPNRU concernant trois quartiers d&rsquo;Aubervilliers: la Maladrerie, Emile Dubois et la Villette.\u00a0<span style=\"color: var( --e-global-color-text ); font-family: var( --e-global-typography-text-font-family ), Sans-serif; font-size: var( --e-global-typography-text-font-size ); font-style: var( --e-global-typography-text-font-style ); font-weight: var( --e-global-typography-text-font-weight ); letter-spacing: var( --e-global-typography-text-letter-spacing ); text-transform: var( --e-global-typography-text-text-transform ); word-spacing: var( --e-global-typography-text-word-spacing ); text-align: var(--text-align); background-color: var( --e-global-color-9042db2 );\">Le but est de r\u00e9clamer des informations au sujet du projet, une concertation afin que la r\u00e9novation prenne en compte l&rsquo;avis des personnes concern\u00e9es.<\/span><span style=\"color: var( --e-global-color-text ); font-family: var( --e-global-typography-text-font-family ), Sans-serif; font-size: var( --e-global-typography-text-font-size ); font-style: var( --e-global-typography-text-font-style ); font-weight: var( --e-global-typography-text-font-weight ); letter-spacing: var( --e-global-typography-text-letter-spacing ); text-transform: var( --e-global-typography-text-text-transform ); word-spacing: var( --e-global-typography-text-word-spacing ); text-align: var(--text-align); background-color: var( --e-global-color-9042db2 );\">\u00a0<\/span><\/p><p><span style=\"color: var( --e-global-color-text ); font-family: var( --e-global-typography-text-font-family ), Sans-serif; font-size: var( --e-global-typography-text-font-size ); font-style: var( --e-global-typography-text-font-style ); font-weight: var( --e-global-typography-text-font-weight ); letter-spacing: var( --e-global-typography-text-letter-spacing ); text-transform: var( --e-global-typography-text-text-transform ); word-spacing: var( --e-global-typography-text-word-spacing ); text-align: var(--text-align); background-color: var( --e-global-color-9042db2 );\">Ce site pr\u00e9sente <a href=\"https:\/\/malanew.org\/?page_id=2\">la cit\u00e9 <\/a>et son architecte, <a href=\"https:\/\/malanew.org\/?page_id=702\">Ren\u00e9e Gailhoustet<\/a><a href=\"https:\/\/malanew.org\/?page_id=2\">, <\/a>les actions <a href=\"https:\/\/malanew.org\/?page_id=706\">men\u00e9es par le collectif<\/a> depuis 2021, et un <a href=\"https:\/\/malanew.org\/?page_id=712\">blog d&rsquo;actualit\u00e9<\/a> sur l&rsquo;urbanisme, le logement et l&rsquo;environnement \u00e0 Aubervilliers et autour.\u00a0<\/span><\/p>\t\t\t\t\t\t\t\t<\/div>\n\t\t\t\t<\/div>\n\t\t\t\t\t<\/div>\n\t\t\t\t<\/div>\n\t\t<div class=\"elementor-element elementor-element-a7914ea e-flex e-con-boxed e-con e-parent\" data-id=\"a7914ea\" data-element_type=\"container\" data-e-type=\"container\">\n\t\t\t\t\t<div class=\"e-con-inner\">\n\t\t\t\t<div class=\"elementor-element elementor-element-5245f33 elementor-widget elementor-widget-heading\" data-id=\"5245f33\" data-element_type=\"widget\" data-e-type=\"widget\" data-widget_type=\"heading.default\">\n\t\t\t\t<div class=\"elementor-widget-container\">\n\t\t\t\t\t<h2 class=\"elementor-heading-title elementor-size-default\">Origine de la mobilisation \n<\/h2>\t\t\t\t<\/div>\n\t\t\t\t<\/div>\n\t\t\t\t\t<\/div>\n\t\t\t\t<\/div>\n\t\t<div class=\"elementor-element elementor-element-1b7bbda e-flex e-con-boxed e-con e-parent\" data-id=\"1b7bbda\" data-element_type=\"container\" data-e-type=\"container\">\n\t\t\t\t\t<div class=\"e-con-inner\">\n\t\t<div class=\"elementor-element elementor-element-a35520a e-con-full e-flex e-con e-child\" data-id=\"a35520a\" data-element_type=\"container\" data-e-type=\"container\">\n\t\t\t\t<div class=\"elementor-element elementor-element-a78311f elementor-widget elementor-widget-text-editor\" data-id=\"a78311f\" data-element_type=\"widget\" data-e-type=\"widget\" data-widget_type=\"text-editor.default\">\n\t\t\t\t<div class=\"elementor-widget-container\">\n\t\t\t\t\t\t\t\t\t<p>Malgr\u00e9 plusieurs rencontres avec les services de la Ville , nous ne sommes pas parvenus \u00e0 avoir les \u00e9l\u00e9ments pr\u00e9cis du projet sur notre Cit\u00e9 de la Maladrerie, concernant les th\u00e8mes essentiels qui sont <strong>les d\u00e9molitions<\/strong>, la <strong>vente<\/strong> et la <strong>privatisation des logements sociaux<\/strong>, des formes de \u00ab\u00a0<strong>r\u00e9sidentialisation<\/strong>\u00ab\u00a0, la <strong>restructuration<\/strong> des \u00e9quipements, <strong>l&rsquo;am\u00e9nagement<\/strong> des espaces ext\u00e9rieurs et la fa\u00e7on dont la r\u00e9novation \u00e9nerg\u00e9tique sera effectu\u00e9e dans les logements.\u00a0<span style=\"color: var( --e-global-color-text ); font-family: var( --e-global-typography-text-font-family ), Sans-serif; font-size: var( --e-global-typography-text-font-size ); font-style: var( --e-global-typography-text-font-style ); font-weight: var( --e-global-typography-text-font-weight ); letter-spacing: var( --e-global-typography-text-letter-spacing ); word-spacing: var( --e-global-typography-text-word-spacing ); text-align: var(--text-align); background-color: var( --e-global-color-9042db2 );\">Nous avons \u00e9galement demand\u00e9 \u00e0 Plaine Commune\u00a0 un rendez-vous et des documents depuis le 11 octobre 2021.<\/span><\/p><p><em>Photos: manifestation devant l&rsquo;OPH le 28\/10\/2021.<\/em><\/p>\t\t\t\t\t\t\t\t<\/div>\n\t\t\t\t<\/div>\n\t\t\t\t<\/div>\n\t\t<div class=\"elementor-element elementor-element-7384d19 e-con-full e-flex e-con e-child\" data-id=\"7384d19\" data-element_type=\"container\" data-e-type=\"container\">\n\t\t\t\t<div class=\"elementor-element elementor-element-b5e9373 elementor-widget elementor-widget-image\" data-id=\"b5e9373\" data-element_type=\"widget\" data-e-type=\"widget\" data-widget_type=\"image.default\">\n\t\t\t\t<div class=\"elementor-widget-container\">\n\t\t\t\t\t\t\t\t\t\t\t\t\t\t\t<img decoding=\"async\" width=\"768\" height=\"512\" src=\"https:\/\/malanew.org\/wp-content\/uploads\/2024\/01\/collectif2021-1-768x512.jpg\" class=\"attachment-medium_large size-medium_large wp-image-575\" alt=\"\" srcset=\"https:\/\/malanew.org\/wp-content\/uploads\/2024\/01\/collectif2021-1-768x512.jpg 768w, https:\/\/malanew.org\/wp-content\/uploads\/2024\/01\/collectif2021-1-300x200.jpg 300w, https:\/\/malanew.org\/wp-content\/uploads\/2024\/01\/collectif2021-1-1024x683.jpg 1024w, https:\/\/malanew.org\/wp-content\/uploads\/2024\/01\/collectif2021-1.jpg 1037w\" sizes=\"(max-width: 768px) 100vw, 768px\" \/>\t\t\t\t\t\t\t\t\t\t\t\t\t\t\t<\/div>\n\t\t\t\t<\/div>\n\t\t\t\t<\/div>\n\t\t<div class=\"elementor-element elementor-element-00eeafa e-con-full e-flex e-con e-child\" data-id=\"00eeafa\" data-element_type=\"container\" data-e-type=\"container\">\n\t\t\t\t<div class=\"elementor-element elementor-element-294da88 elementor-widget elementor-widget-image\" data-id=\"294da88\" data-element_type=\"widget\" data-e-type=\"widget\" data-widget_type=\"image.default\">\n\t\t\t\t<div class=\"elementor-widget-container\">\n\t\t\t\t\t\t\t\t\t\t\t\t\t\t\t<img decoding=\"async\" width=\"800\" height=\"534\" src=\"https:\/\/malanew.org\/wp-content\/uploads\/2024\/01\/collectif2021-2-1024x683.jpg\" class=\"attachment-large size-large wp-image-574\" alt=\"\" srcset=\"https:\/\/malanew.org\/wp-content\/uploads\/2024\/01\/collectif2021-2-1024x683.jpg 1024w, https:\/\/malanew.org\/wp-content\/uploads\/2024\/01\/collectif2021-2-300x200.jpg 300w, https:\/\/malanew.org\/wp-content\/uploads\/2024\/01\/collectif2021-2-768x512.jpg 768w, https:\/\/malanew.org\/wp-content\/uploads\/2024\/01\/collectif2021-2.jpg 1383w\" sizes=\"(max-width: 800px) 100vw, 800px\" \/>\t\t\t\t\t\t\t\t\t\t\t\t\t\t\t<\/div>\n\t\t\t\t<\/div>\n\t\t\t\t<\/div>\n\t\t<div class=\"elementor-element elementor-element-2c2e94b e-con-full e-flex e-con e-child\" data-id=\"2c2e94b\" data-element_type=\"container\" data-e-type=\"container\">\n\t\t\t\t<div class=\"elementor-element elementor-element-53d3a19 elementor-widget elementor-widget-text-editor\" data-id=\"53d3a19\" data-element_type=\"widget\" data-e-type=\"widget\" data-widget_type=\"text-editor.default\">\n\t\t\t\t<div class=\"elementor-widget-container\">\n\t\t\t\t\t\t\t\t\t<p>Nous sommes tr\u00e8s inquiets des quelques \u00e9l\u00e9ments du projet NPNRU\u00a0 qui nous sont parvenus \u00e0 la suite du CA de l\u2019OPH le 28 septembre 2021.\u00a0<\/p><p>La Ville d\u2019Aubervilliers s\u2019est engag\u00e9e \u00e0 organiser la concertation des habitants avant le comit\u00e9 d&rsquo;engagement de l&rsquo;ANRU (fin de l&rsquo;ann\u00e9e 2021).<\/p><p>Nous ne voulons pas \u00eatre mis devant le fait accompli \u00a0au moment de\u00a0 la signature du NPNRU.<\/p><p>\u00a0<\/p>\t\t\t\t\t\t\t\t<\/div>\n\t\t\t\t<\/div>\n\t\t\t\t<\/div>\n\t\t\t\t\t<\/div>\n\t\t\t\t<\/div>\n\t\t<div class=\"elementor-element elementor-element-add00f5 e-con-full e-flex e-con e-parent\" data-id=\"add00f5\" data-element_type=\"container\" data-e-type=\"container\">\n\t\t<div class=\"elementor-element elementor-element-a95b99c e-con-full e-flex e-con e-child\" data-id=\"a95b99c\" data-element_type=\"container\" data-e-type=\"container\">\n\t\t\t\t<div class=\"elementor-element elementor-element-ee815eb elementor-widget elementor-widget-text-editor\" data-id=\"ee815eb\" data-element_type=\"widget\" data-e-type=\"widget\" data-widget_type=\"text-editor.default\">\n\t\t\t\t<div class=\"elementor-widget-container\">\n\t\t\t\t\t\t\t\t\t<p>Nous nous r\u00e9unissons chaque semaine depuis le 1er octobre 2021 et nous nous organisons pour mieux faire entendre notre voix et mobiliser les habitants. Voir le <a href=\"https:\/\/malanew.org\/wp-content\/uploads\/2024\/01\/DossierPresse15_7_2022-3.pdf-3.pdf\">dossier de presse de la mobilisation<\/a> en 2021-2023.\u00a0<\/p><p>Nous d\u00e9fendons la grande qualit\u00e9 architecturale de la cit\u00e9 construite par <a href=\"https:\/\/malanew.org\/?page_id=702\">Ren\u00e9e Gailhoustet. <\/a>voir une pr\u00e9sentation rapide de la <a href=\"https:\/\/malanew.org\/?page_id=2\">cit\u00e9 de la Maladrerie,<\/a> le <a href=\"https:\/\/malanew.org\/?page_id=704(ouvre un nouvel onglet)\" data-wplink-url-error=\"true\">dossier d&rsquo;inscription au registre<\/a>\u00a0 que nous avons rassembl\u00e9 et soumis \u00e0 la DRAC, l&rsquo;\u00e9v\u00e8nement <a href=\"https:\/\/malanew.org\/?page_id=708(ouvre un nouvel onglet)\" data-wplink-url-error=\"true\">\u00ab\u00a0il \u00e9tait une fois la Maladrerie\u00a0\u00bb<\/a> organis\u00e9 par le collectif pour mettre en valeur la m\u00e9moire des habitants. Les <a href=\"https:\/\/malanew.org\/?page_id=882(ouvre un nouvel onglet)\" data-wplink-url-error=\"true\">\u00e9chos de la Mala<\/a> pr\u00e9sentent quelques \u00e9l\u00e9ments de la vie de la cit\u00e9 en 2021-2022.\u00a0<\/p><p>Nous faisons connaitre notre position aupr\u00e8s de toutes les parties prenantes: ANRU, Municipalit\u00e9, Plaine Commune et via la presse (lien).\u00a0<\/p><p>Actuellement, d\u00e9but 2024, la concertation devrait commencer. Les documents sont \u00e0 suivre sur la <a href=\"https:\/\/malanew.org\/?page_id=710(ouvre un nouvel onglet)\" data-wplink-url-error=\"true\">page<\/a> concertation ou les articles de <a href=\"https:\/\/malanew.org\/?page_id=712\">blog<\/a>.\u00a0<\/p><p>Le collectif contribue aux luttes contre la brutalit\u00e9 de l&rsquo;urbanisation en cours de la ville (StopB\u00e9ton Aubervilliers, Jardins des Vertus, Lignes 15 du Grand Paris, Stop d\u00e9molitions ANRU).\u00a0<\/p>\t\t\t\t\t\t\t\t<\/div>\n\t\t\t\t<\/div>\n\t\t\t\t<\/div>\n\t\t\t\t<div class=\"elementor-element elementor-element-a5e36d5 elementor-widget elementor-widget-image\" data-id=\"a5e36d5\" data-element_type=\"widget\" data-e-type=\"widget\" data-widget_type=\"image.default\">\n\t\t\t\t<div class=\"elementor-widget-container\">\n\t\t\t\t\t\t\t\t\t\t\t\t<figure class=\"wp-caption\">\n\t\t\t\t\t\t\t\t\t\t<img decoding=\"async\" src=\"https:\/\/malanew.org\/wp-content\/uploads\/elementor\/thumbs\/AFFICHE-MALA-A3-PR-HALL-reduite-1-qhx5al9foh6hlvqno07hj9w87pt0vft1na79xa9mvm.jpg\" title=\"AFFICHE MALA A3 PR HALL reduite\" alt=\"AFFICHE MALA A3 PR HALL reduite\" loading=\"lazy\" \/>\t\t\t\t\t\t\t\t\t\t\t<figcaption class=\"widget-image-caption wp-caption-text\">Graphisme Camille Ralite<\/figcaption>\n\t\t\t\t\t\t\t\t\t\t<\/figure>\n\t\t\t\t\t\t\t\t\t<\/div>\n\t\t\t\t<\/div>\n\t\t\t\t<\/div>\n\t\t\t\t<\/div>\n\t\t","protected":false},"excerpt":{"rendered":"<p>Photo Marc Pataut Le collectif des habitants et associations de la Maladrerie Le collectif des associations et habitants d&rsquo;Aubervilliers s&rsquo;est form\u00e9 du fait du projet NPNRU concernant trois quartiers d&rsquo;Aubervilliers: la Maladrerie, Emile Dubois et la Villette.\u00a0Le but est de r\u00e9clamer des informations au sujet du projet, une concertation afin que la r\u00e9novation prenne en [&hellip;]<\/p>\n","protected":false},"author":1,"featured_media":0,"parent":0,"menu_order":0,"comment_status":"closed","ping_status":"closed","template":"elementor_header_footer","meta":{"footnotes":""},"class_list":["post-455","page","type-page","status-publish","hentry"],"_links":{"self":[{"href":"https:\/\/malanew.org\/index.php?rest_route=\/wp\/v2\/pages\/455","targetHints":{"allow":["GET"]}}],"collection":[{"href":"https:\/\/malanew.org\/index.php?rest_route=\/wp\/v2\/pages"}],"about":[{"href":"https:\/\/malanew.org\/index.php?rest_route=\/wp\/v2\/types\/page"}],"author":[{"embeddable":true,"href":"https:\/\/malanew.org\/index.php?rest_route=\/wp\/v2\/users\/1"}],"replies":[{"embeddable":true,"href":"https:\/\/malanew.org\/index.php?rest_route=%2Fwp%2Fv2%2Fcomments&post=455"}],"version-history":[{"count":85,"href":"https:\/\/malanew.org\/index.php?rest_route=\/wp\/v2\/pages\/455\/revisions"}],"predecessor-version":[{"id":1347,"href":"https:\/\/malanew.org\/index.php?rest_route=\/wp\/v2\/pages\/455\/revisions\/1347"}],"wp:attachment":[{"href":"https:\/\/malanew.org\/index.php?rest_route=%2Fwp%2Fv2%2Fmedia&parent=455"}],"curies":[{"name":"wp","href":"https:\/\/api.w.org\/{rel}","templated":true}]}}