{"id":704,"date":"2024-01-12T17:55:37","date_gmt":"2024-01-12T16:55:37","guid":{"rendered":"https:\/\/malanew.org\/?page_id=704"},"modified":"2024-01-28T18:33:48","modified_gmt":"2024-01-28T17:33:48","slug":"dossier-dinscription-au-registre","status":"publish","type":"page","link":"https:\/\/malanew.org\/?page_id=704","title":{"rendered":"Dossier d&rsquo;inscription au registre"},"content":{"rendered":"\t\t<div data-elementor-type=\"wp-page\" data-elementor-id=\"704\" class=\"elementor elementor-704\">\n\t\t\t\t<div class=\"elementor-element elementor-element-93d621f e-flex e-con-boxed e-con e-parent\" data-id=\"93d621f\" data-element_type=\"container\" data-e-type=\"container\">\n\t\t\t\t\t<div class=\"e-con-inner\">\n\t\t\t\t<div class=\"elementor-element elementor-element-8ded9c9 elementor-widget elementor-widget-heading\" data-id=\"8ded9c9\" data-element_type=\"widget\" data-e-type=\"widget\" data-widget_type=\"heading.default\">\n\t\t\t\t<div class=\"elementor-widget-container\">\n\t\t\t\t\t<h2 class=\"elementor-heading-title elementor-size-default\">Dossier pour l'inscription de la Maladrerie\n<\/h2>\t\t\t\t<\/div>\n\t\t\t\t<\/div>\n\t\t\t\t\t<\/div>\n\t\t\t\t<\/div>\n\t\t<div class=\"elementor-element elementor-element-3965902 e-con-full e-flex e-con e-parent\" data-id=\"3965902\" data-element_type=\"container\" data-e-type=\"container\">\n\t\t\t\t<div class=\"elementor-element elementor-element-c319a88 elementor-widget elementor-widget-text-editor\" data-id=\"c319a88\" data-element_type=\"widget\" data-e-type=\"widget\" data-widget_type=\"text-editor.default\">\n\t\t\t\t<div class=\"elementor-widget-container\">\n\t\t\t\t\t\t\t\t\t<p style=\"text-align: center;\">Le dossier d&rsquo;inscription rassembl\u00e9 par le collectif&nbsp;<\/p><p style=\"text-align: center;\">a \u00e9t\u00e9 d\u00e9pos\u00e9 sur le site de la DRAC en Novembre 2023.&nbsp;<\/p>\n<p style=\"padding-left: 40px; text-align: center;\"><a href=\"https:\/\/malanew.org\/wp-content\/uploads\/2024\/01\/20231101_PDF0_lettredintroductionaudossierdinscriptiondelaMaladrerie.pdf\">Lettre d&rsquo;introduction.&nbsp;<\/a><\/p>\n<p style=\"padding-left: 40px; text-align: center;\">Demande officielle (par Sophie Trelcat) et <a href=\"https:\/\/malanew.org\/wp-content\/uploads\/2024\/01\/20231101_PDF1_MALADRERIE_demandedinscription_tranche3batiment2_8alleeHenriMatisse5-6-7alleeGeorgesBraque.pdf\">description physique<\/a> de la cit\u00e9 (plans).&nbsp;<\/p>\n<p style=\"padding-left: 40px; text-align: center;\">Lette de <a href=\"https:\/\/malanew.org\/wp-content\/uploads\/2024\/01\/20231101_PDF2_LETTRE-INSCRIPTION-MAIRE_12-octobre-2023.pdf\">soutien de Mme Franclet<\/a>.&nbsp;<\/p>\n<p style=\"padding-left: 40px; text-align: center;\">Description du <a href=\"https:\/\/malanew.org\/wp-content\/uploads\/2024\/01\/methodoGailhoustetKF.pdf\">travail de Ren\u00e9e Gailhoustet<\/a> (Katherine Fiumani)<\/p>\n<p style=\"padding-left: 40px; text-align: center;\"><a href=\"https:\/\/malanew.org\/wp-content\/uploads\/2024\/01\/20231101_PDF5_BIBLIOGRAPHIE-ET-REFERENCES-annexe3.pdf\">Bibliographie et r\u00e9f\u00e9rences<\/a> (annexe).<\/p>\n<p style=\"padding-left: 40px; text-align: center;\"><a href=\"https:\/\/malanew.org\/wp-content\/uploads\/2024\/01\/20231101_PDF6_DOCUMENTSPRESSEse\u2560ulection_annexe4.pdf\">S\u00e9lection de documents<\/a>.&nbsp;<\/p>\n<p style=\"padding-left: 40px; text-align: center;\"><a href=\"https:\/\/malanew.org\/wp-content\/uploads\/2024\/01\/20231101_PDF7_LETTRESDESOUTIEN_annexe5_BIS.pdf\">Lettres de soutien<\/a> de personnalit\u00e9s<\/p>\n<p style=\"padding-left: 40px; text-align: center;\">Dossier <a href=\"https:\/\/malanew.org\/wp-content\/uploads\/2024\/01\/20231101_PDF8_MALADRERIE_photographies_annexe6.pdf\">photographique<\/a><\/p>\n<p style=\"text-align: center;\">Documents<a href=\"https:\/\/malanew.org\/?protected_areas=dossier-dinscription\"> acc\u00e8s r\u00e9serv\u00e9&nbsp;<\/a> (diagnostic patrimonial et avis de l&rsquo;ABF)<\/p>\t\t\t\t\t\t\t\t<\/div>\n\t\t\t\t<\/div>\n\t\t\t\t<div class=\"elementor-element elementor-element-d673a8e elementor-widget elementor-widget-spacer\" data-id=\"d673a8e\" data-element_type=\"widget\" data-e-type=\"widget\" data-widget_type=\"spacer.default\">\n\t\t\t\t<div class=\"elementor-widget-container\">\n\t\t\t\t\t\t\t<div class=\"elementor-spacer\">\n\t\t\t<div class=\"elementor-spacer-inner\"><\/div>\n\t\t<\/div>\n\t\t\t\t\t\t<\/div>\n\t\t\t\t<\/div>\n\t\t\t\t<\/div>\n\t\t<div class=\"elementor-element elementor-element-ee33fef e-flex e-con-boxed e-con e-parent\" data-id=\"ee33fef\" data-element_type=\"container\" data-e-type=\"container\">\n\t\t\t\t\t<div class=\"e-con-inner\">\n\t\t\t\t<div class=\"elementor-element elementor-element-bf126db elementor-widget elementor-widget-image\" data-id=\"bf126db\" data-element_type=\"widget\" data-e-type=\"widget\" data-widget_type=\"image.default\">\n\t\t\t\t<div class=\"elementor-widget-container\">\n\t\t\t\t\t\t\t\t\t\t\t\t\t\t\t<img fetchpriority=\"high\" decoding=\"async\" width=\"768\" height=\"499\" src=\"https:\/\/malanew.org\/wp-content\/uploads\/2024\/01\/plan-Mala-768x499.jpg\" class=\"attachment-medium_large size-medium_large wp-image-1043\" alt=\"\" srcset=\"https:\/\/malanew.org\/wp-content\/uploads\/2024\/01\/plan-Mala-768x499.jpg 768w, https:\/\/malanew.org\/wp-content\/uploads\/2024\/01\/plan-Mala-300x195.jpg 300w, https:\/\/malanew.org\/wp-content\/uploads\/2024\/01\/plan-Mala-1024x665.jpg 1024w, https:\/\/malanew.org\/wp-content\/uploads\/2024\/01\/plan-Mala.jpg 1061w\" sizes=\"(max-width: 768px) 100vw, 768px\" \/>\t\t\t\t\t\t\t\t\t\t\t\t\t\t\t<\/div>\n\t\t\t\t<\/div>\n\t\t\t\t\t<\/div>\n\t\t\t\t<\/div>\n\t\t<div class=\"elementor-element elementor-element-f8f67ed e-flex e-con-boxed e-con e-parent\" data-id=\"f8f67ed\" data-element_type=\"container\" data-e-type=\"container\">\n\t\t\t\t\t<div class=\"e-con-inner\">\n\t\t\t\t\t<\/div>\n\t\t\t\t<\/div>\n\t\t\t\t<\/div>\n\t\t","protected":false},"excerpt":{"rendered":"<p>Dossier pour l&rsquo;inscription de la Maladrerie Le dossier d&rsquo;inscription rassembl\u00e9 par le collectif&nbsp; a \u00e9t\u00e9 d\u00e9pos\u00e9 sur le site de la DRAC en Novembre 2023.&nbsp; Lettre d&rsquo;introduction.&nbsp; Demande officielle (par Sophie Trelcat) et description physique de la cit\u00e9 (plans).&nbsp; Lette de soutien de Mme Franclet.&nbsp; Description du travail de Ren\u00e9e Gailhoustet (Katherine Fiumani) Bibliographie et [&hellip;]<\/p>\n","protected":false},"author":1,"featured_media":0,"parent":0,"menu_order":0,"comment_status":"closed","ping_status":"closed","template":"","meta":{"footnotes":""},"class_list":["post-704","page","type-page","status-publish","hentry"],"_links":{"self":[{"href":"https:\/\/malanew.org\/index.php?rest_route=\/wp\/v2\/pages\/704","targetHints":{"allow":["GET"]}}],"collection":[{"href":"https:\/\/malanew.org\/index.php?rest_route=\/wp\/v2\/pages"}],"about":[{"href":"https:\/\/malanew.org\/index.php?rest_route=\/wp\/v2\/types\/page"}],"author":[{"embeddable":true,"href":"https:\/\/malanew.org\/index.php?rest_route=\/wp\/v2\/users\/1"}],"replies":[{"embeddable":true,"href":"https:\/\/malanew.org\/index.php?rest_route=%2Fwp%2Fv2%2Fcomments&post=704"}],"version-history":[{"count":44,"href":"https:\/\/malanew.org\/index.php?rest_route=\/wp\/v2\/pages\/704\/revisions"}],"predecessor-version":[{"id":1904,"href":"https:\/\/malanew.org\/index.php?rest_route=\/wp\/v2\/pages\/704\/revisions\/1904"}],"wp:attachment":[{"href":"https:\/\/malanew.org\/index.php?rest_route=%2Fwp%2Fv2%2Fmedia&parent=704"}],"curies":[{"name":"wp","href":"https:\/\/api.w.org\/{rel}","templated":true}]}}