{"id":882,"date":"2024-01-12T22:55:41","date_gmt":"2024-01-12T21:55:41","guid":{"rendered":"https:\/\/malanew.org\/?page_id=882"},"modified":"2024-01-29T15:40:13","modified_gmt":"2024-01-29T14:40:13","slug":"les-echos-de-la-mala","status":"publish","type":"page","link":"https:\/\/malanew.org\/?page_id=882","title":{"rendered":"Les \u00e9chos de la Mala\/"},"content":{"rendered":"\t\t<div data-elementor-type=\"wp-page\" data-elementor-id=\"882\" class=\"elementor elementor-882\">\n\t\t\t\t<div class=\"elementor-element elementor-element-a641926 e-flex e-con-boxed e-con e-parent\" data-id=\"a641926\" data-element_type=\"container\" data-e-type=\"container\">\n\t\t\t\t\t<div class=\"e-con-inner\">\n\t\t\t\t<div class=\"elementor-element elementor-element-948e6d8 elementor-widget elementor-widget-image\" data-id=\"948e6d8\" data-element_type=\"widget\" data-e-type=\"widget\" data-widget_type=\"image.default\">\n\t\t\t\t<div class=\"elementor-widget-container\">\n\t\t\t\t\t\t\t\t\t\t\t\t\t\t\t<img fetchpriority=\"high\" decoding=\"async\" width=\"800\" height=\"160\" src=\"https:\/\/malanew.org\/wp-content\/uploads\/2024\/01\/echos-bleu-1024x205.jpg\" class=\"attachment-large size-large wp-image-1270\" alt=\"\" srcset=\"https:\/\/malanew.org\/wp-content\/uploads\/2024\/01\/echos-bleu-1024x205.jpg 1024w, https:\/\/malanew.org\/wp-content\/uploads\/2024\/01\/echos-bleu-300x60.jpg 300w, https:\/\/malanew.org\/wp-content\/uploads\/2024\/01\/echos-bleu-768x153.jpg 768w, https:\/\/malanew.org\/wp-content\/uploads\/2024\/01\/echos-bleu.jpg 1086w\" sizes=\"(max-width: 800px) 100vw, 800px\" \/>\t\t\t\t\t\t\t\t\t\t\t\t\t\t\t<\/div>\n\t\t\t\t<\/div>\n\t\t\t\t\t<\/div>\n\t\t\t\t<\/div>\n\t\t<div class=\"elementor-element elementor-element-961ec74 e-flex e-con-boxed e-con e-parent\" data-id=\"961ec74\" data-element_type=\"container\" data-e-type=\"container\">\n\t\t\t\t\t<div class=\"e-con-inner\">\n\t\t\t\t<div class=\"elementor-element elementor-element-97bba23 elementor-widget elementor-widget-heading\" data-id=\"97bba23\" data-element_type=\"widget\" data-e-type=\"widget\" data-widget_type=\"heading.default\">\n\t\t\t\t<div class=\"elementor-widget-container\">\n\t\t\t\t\t<h3 class=\"elementor-heading-title elementor-size-default\">Printemps-\u00e9t\u00e9 2022: Des femmes dans la cit\u00e9<\/h3>\t\t\t\t<\/div>\n\t\t\t\t<\/div>\n\t\t\t\t\t<\/div>\n\t\t\t\t<\/div>\n\t\t<div class=\"elementor-element elementor-element-42575aa e-flex e-con-boxed e-con e-parent\" data-id=\"42575aa\" data-element_type=\"container\" data-e-type=\"container\">\n\t\t\t\t\t<div class=\"e-con-inner\">\n\t\t<div class=\"elementor-element elementor-element-fa43324 e-con-full e-flex e-con e-child\" data-id=\"fa43324\" data-element_type=\"container\" data-e-type=\"container\">\n\t\t\t\t<div class=\"elementor-element elementor-element-790babd elementor-widget elementor-widget-text-editor\" data-id=\"790babd\" data-element_type=\"widget\" data-e-type=\"widget\" data-widget_type=\"text-editor.default\">\n\t\t\t\t<div class=\"elementor-widget-container\">\n\t\t\t\t\t\t\t\t\t<div id=\"comp-l52h7rtk4\" class=\"KcpHeO tz5f0K comp-l52h7rtk4 wixui-rich-text\" data-testid=\"richTextElement\">Bien que certains probl\u00e8mes tendent \u00e0 subsister et parfois pas des moindres, \u00eatre une femme \u00e0 l\u2019\u00e9poque moderne est toutefois davantage teint\u00e9 d\u2019espoir que par le pass\u00e9. Les femmes sont plus sur le devant de la sc\u00e8ne, leurs possibilit\u00e9s ne cessent de cro\u00eetre, m\u00eame s\u2019il faut souligner qu\u2019elles ont d\u00fb se battre pour cr\u00e9er elles-m\u00eames ces possibilit\u00e9s. Pourtant, dans la vie de tous les jours et depuis des ann\u00e9es, des femmes et groupes de femmes travaillent dur pour am\u00e9liorer leur condition, en s\u2019informant et en apprenant. Des in\u00e9galit\u00e9s demeurent, par exemple l\u2019in\u00e9galit\u00e9 salariale, la difficult\u00e9 pour acc\u00e9der \u00e0 des emplois valorisants, la pr\u00e9carit\u00e9 des m\u00e8res c\u00e9libataires et la fatigue de la double journ\u00e9e.<\/div><div id=\"comp-l52h7rtn\" class=\"KcpHeO tz5f0K comp-l52h7rtn wixui-rich-text\" data-testid=\"richTextElement\"><p><a href=\"https:\/\/malanew.org\/wp-content\/uploads\/2024\/01\/Echos-Printemps-Bis.pdf\">Lien pour le num\u00e9ro<\/a><\/p><p class=\"font_8 wixui-rich-text__text\">\u00a0<\/p><\/div>\t\t\t\t\t\t\t\t<\/div>\n\t\t\t\t<\/div>\n\t\t\t\t<\/div>\n\t\t<div class=\"elementor-element elementor-element-bc08960 e-con-full e-flex e-con e-child\" data-id=\"bc08960\" data-element_type=\"container\" data-e-type=\"container\">\n\t\t\t\t<div class=\"elementor-element elementor-element-165e87c elementor-widget elementor-widget-text-editor\" data-id=\"165e87c\" data-element_type=\"widget\" data-e-type=\"widget\" data-widget_type=\"text-editor.default\">\n\t\t\t\t<div class=\"elementor-widget-container\">\n\t\t\t\t\t\t\t\t\t<div id=\"comp-l52h7rtk4\" class=\"KcpHeO tz5f0K comp-l52h7rtk4 wixui-rich-text\" data-testid=\"richTextElement\"><h3 class=\"font_3 wixui-rich-text__text\"><img decoding=\"async\" style=\"color: var( --e-global-color-text ); font-family: var( --e-global-typography-text-font-family ), Sans-serif; font-size: var( --e-global-typography-text-font-size ); font-style: var( --e-global-typography-text-font-style ); font-weight: var( --e-global-typography-text-font-weight ); letter-spacing: var( --e-global-typography-text-letter-spacing ); word-spacing: var( --e-global-typography-text-word-spacing ); text-align: var(--text-align); background-color: var( --e-global-color-9042db2 );\" src=\"https:\/\/static.wixstatic.com\/media\/7b09b6_32782f8ef4b94f96b4e624077a9b0676~mv2.jpg\/v1\/fill\/w_701,h_525,al_c,lg_1,q_85,enc_auto\/Danielle%20et%20Hawa.jpg\" srcset=\"https:\/\/static.wixstatic.com\/media\/7b09b6_32782f8ef4b94f96b4e624077a9b0676~mv2.jpg\/v1\/fill\/w_701,h_525,al_c,lg_1,q_85,enc_auto\/Danielle%20et%20Hawa.jpg\" alt=\"Danielle et Hawa.jpg\" width=\"467\" height=\"350\" \/><\/h3><\/div><div id=\"comp-l52hqzx0\" class=\"comp-l52hqzx0\"><div class=\"ikjXKb\" aria-hidden=\"true\">\u00a0<\/div><\/div>\t\t\t\t\t\t\t\t<\/div>\n\t\t\t\t<\/div>\n\t\t\t\t<\/div>\n\t\t\t\t\t<\/div>\n\t\t\t\t<\/div>\n\t\t<div class=\"elementor-element elementor-element-6148534 e-flex e-con-boxed e-con e-parent\" data-id=\"6148534\" data-element_type=\"container\" data-e-type=\"container\">\n\t\t\t\t\t<div class=\"e-con-inner\">\n\t\t\t\t<div class=\"elementor-element elementor-element-fc23f50 elementor-widget elementor-widget-heading\" data-id=\"fc23f50\" data-element_type=\"widget\" data-e-type=\"widget\" data-widget_type=\"heading.default\">\n\t\t\t\t<div class=\"elementor-widget-container\">\n\t\t\t\t\t<h3 class=\"elementor-heading-title elementor-size-default\">D\u00e9cembre 2021. L\u2019avenir de la Maladrerie c\u2019est la jeunesse.\nApr\u00e8s le lyc\u00e9e que faite vous ? 2022 faite vos voeux !<\/h3>\t\t\t\t<\/div>\n\t\t\t\t<\/div>\n\t\t\t\t\t<\/div>\n\t\t\t\t<\/div>\n\t\t<div class=\"elementor-element elementor-element-49c3467 e-flex e-con-boxed e-con e-parent\" data-id=\"49c3467\" data-element_type=\"container\" data-e-type=\"container\">\n\t\t\t\t\t<div class=\"e-con-inner\">\n\t\t<div class=\"elementor-element elementor-element-40a4aac e-con-full e-flex e-con e-child\" data-id=\"40a4aac\" data-element_type=\"container\" data-e-type=\"container\">\n\t\t\t\t<div class=\"elementor-element elementor-element-23da174 elementor-widget elementor-widget-text-editor\" data-id=\"23da174\" data-element_type=\"widget\" data-e-type=\"widget\" data-widget_type=\"text-editor.default\">\n\t\t\t\t<div class=\"elementor-widget-container\">\n\t\t\t\t\t\t\t\t\t<p>L\u2019adolescence, est une p\u00e9riode charni\u00e8re durant laquelle les jeunes doivent faire des choix d\u2019orientation d\u00e9cisifs. Les coll\u00e9giens, lyc\u00e9ens sont mal accompagn\u00e9s et le champ des possibles est vaste. Il vous faudra <strong>choisir une fili\u00e8re \u00e0 partir de la troisi\u00e8me<\/strong> et opter pour des \u00e9tudes courtes ou longues. La r\u00e8gle du jeu de l\u2019\u00e9ducation nationale vous demande pourtant de d\u00e9finir tr\u00e8s t\u00f4t un parcours professionnel. Ce qui semble \u00e9merger comme une \u00abvocation\u00bb est souvent la traduction d\u2019un d\u00e9terminisme social. Il va vous falloir explorer, avec l\u2019aide de vos parents et de vos professeurs les pistes qui vous sont donn\u00e9es.<\/p><p><strong>Ayez conscience des enjeux<\/strong>, en fonction des moyens financiers de vos parents et des obligations pour y arriver (mordre sur le temps de distraction) mais <strong>soyez d\u00e9termin\u00e9<\/strong> Il faut conna\u00eetre ce qu\u2019exige chaque profession (qu\u2019elle soit manuelle ou intellectuelle) et \u00eatre capable de changer d\u2019orientation, si le choix de d\u00e9part n\u2019est pas satisfaisant.<\/p><p>Il y a des emplois qui se cr\u00e9ent dans des secteurs nouveaux qu\u2019il faut explorer (exemples\u00a0: les futurs jeux olympiques, les associations d\u2019utilit\u00e9 sociale ou environnementale, qui existent dans notre ville). Vos\u00a0<strong>choix d\u2019\u00e9tudes apr\u00e8s le bac seront examin\u00e9s dans le cadre de Parcoursup<\/strong>. Vous devrez formuler des v\u0153ux (la fili\u00e8re d\u2019\u00e9tude souhait\u00e9e et l\u2019institution qui correspond). Les examinateurs disposent de 3 types d\u2019information\u00a0: les notes de 1re et des \u00e9preuves anticip\u00e9es du bac\u00a0; l\u2019avis du lyc\u00e9e d\u2019origine pour chaque v\u0153u et une lettre de motivation que vous devrez r\u00e9diger.\u00a0<\/p><p>Les r\u00e9sultats scolaires en 1\u00e8re et terminale sont vraiment importants !<strong>\u00a0Il faut travailler toute l\u2019ann\u00e9e !<\/strong><\/p><p><a href=\"https:\/\/malanew.org\/wp-content\/uploads\/2024\/01\/les-echos-15-Decembre.pdf\">Lien pour le num\u00e9ro<\/a><\/p>\t\t\t\t\t\t\t\t<\/div>\n\t\t\t\t<\/div>\n\t\t\t\t<\/div>\n\t\t\t\t\t<\/div>\n\t\t\t\t<\/div>\n\t\t<div class=\"elementor-element elementor-element-06c245b e-flex e-con-boxed e-con e-parent\" data-id=\"06c245b\" data-element_type=\"container\" data-e-type=\"container\">\n\t\t\t\t\t<div class=\"e-con-inner\">\n\t\t\t\t<div class=\"elementor-element elementor-element-edb6f15 elementor-widget elementor-widget-text-editor\" data-id=\"edb6f15\" data-element_type=\"widget\" data-e-type=\"widget\" data-widget_type=\"text-editor.default\">\n\t\t\t\t<div class=\"elementor-widget-container\">\n\t\t\t\t\t\t\t\t\t<div id=\"comp-kv2kc5p2\" class=\"KcpHeO tz5f0K comp-kv2kc5p2 wixui-rich-text\" data-testid=\"richTextElement\"><h2 class=\"font_3 wixui-rich-text__text\" style=\"text-align: center;\"><span class=\"wixui-rich-text__text\" style=\"color: #0000ff;\">Septembre 2021. C&rsquo;est la rentr\u00e9e, vous avez la parole<\/span><\/h2><\/div>\t\t\t\t\t\t\t\t<\/div>\n\t\t\t\t<\/div>\n\t\t\t\t\t<\/div>\n\t\t\t\t<\/div>\n\t\t<div class=\"elementor-element elementor-element-48cd0c0 e-flex e-con-boxed e-con e-parent\" data-id=\"48cd0c0\" data-element_type=\"container\" data-e-type=\"container\">\n\t\t\t\t\t<div class=\"e-con-inner\">\n\t\t<div class=\"elementor-element elementor-element-9e09d6a e-con-full e-flex e-con e-child\" data-id=\"9e09d6a\" data-element_type=\"container\" data-e-type=\"container\">\n\t\t\t\t<div class=\"elementor-element elementor-element-b9313ef elementor-widget elementor-widget-image\" data-id=\"b9313ef\" data-element_type=\"widget\" data-e-type=\"widget\" data-widget_type=\"image.default\">\n\t\t\t\t<div class=\"elementor-widget-container\">\n\t\t\t\t\t\t\t\t\t\t\t\t<figure class=\"wp-caption\">\n\t\t\t\t\t\t\t\t\t\t<img decoding=\"async\" width=\"214\" height=\"300\" src=\"https:\/\/malanew.org\/wp-content\/uploads\/2024\/01\/graphisme-Camille-1-214x300.jpg\" class=\"attachment-medium size-medium wp-image-1200\" alt=\"\" srcset=\"https:\/\/malanew.org\/wp-content\/uploads\/2024\/01\/graphisme-Camille-1-214x300.jpg 214w, https:\/\/malanew.org\/wp-content\/uploads\/2024\/01\/graphisme-Camille-1.jpg 358w\" sizes=\"(max-width: 214px) 100vw, 214px\" \/>\t\t\t\t\t\t\t\t\t\t\t<figcaption class=\"widget-image-caption wp-caption-text\">graphisme Camille Ralite<\/figcaption>\n\t\t\t\t\t\t\t\t\t\t<\/figure>\n\t\t\t\t\t\t\t\t\t<\/div>\n\t\t\t\t<\/div>\n\t\t\t\t<\/div>\n\t\t<div class=\"elementor-element elementor-element-fac67e5 e-con-full e-flex e-con e-child\" data-id=\"fac67e5\" data-element_type=\"container\" data-e-type=\"container\">\n\t\t\t\t<div class=\"elementor-element elementor-element-198c665 elementor-widget elementor-widget-text-editor\" data-id=\"198c665\" data-element_type=\"widget\" data-e-type=\"widget\" data-widget_type=\"text-editor.default\">\n\t\t\t\t<div class=\"elementor-widget-container\">\n\t\t\t\t\t\t\t\t\t<p class=\"font_8 wixui-rich-text__text\">Nos enfants viennent de rentrer, l\u2019ann\u00e9e scolaire vient de d\u00e9marrer. Enfin les \u00e9l\u00e8ves vont pouvoir retrouver leur monde avec leurs amis et leurs professeurs et leur rythme de vie en harmonie avec les adultes. Apr\u00e8s deux ann\u00e9es chaotiques, malgr\u00e9 les incertitudes, la vie scolaire a repris et nous vous souhaitons tous qu\u2019elle soit sereine et pleine de bons moments. L&rsquo;\u00e9cole est l\u2019occasion de s\u2019instruire mais aussi d\u2019\u00e9changes o\u00f9 se construisent le rapport \u00e0 l&rsquo;autre et d\u2019\u00e9ducation \u00e0 la vie en soci\u00e9t\u00e9.<\/p><p class=\"font_8 wixui-rich-text__text\">L\u2019Education nationale est au service du bien public. L&rsquo;\u00e9galit\u00e9 des chances \u00e0 l\u2019\u00e9cole est un id\u00e9al de justice sociale auquel toute soci\u00e9t\u00e9 d\u00e9mocratique adh\u00e8re, guide vers un horizon commun dont il faut se rapprocher.\u00a0<\/p><p class=\"font_8 wixui-rich-text__text\">Nous allons donner la parole \u00e0 des personnes concern\u00e9es par la rentr\u00e9e de la maternelle au coll\u00e8ge. Graphisme Camille Ralite.\u00a0<\/p><p class=\"font_8 wixui-rich-text__text\"><a href=\"https:\/\/malanew.org\/wp-content\/uploads\/2024\/01\/Echos-5-La-rentree.pdf\">Lien pour le num\u00e9ro<\/a><\/p>\t\t\t\t\t\t\t\t<\/div>\n\t\t\t\t<\/div>\n\t\t\t\t<\/div>\n\t\t\t\t\t<\/div>\n\t\t\t\t<\/div>\n\t\t<div class=\"elementor-element elementor-element-721f6eb e-flex e-con-boxed e-con e-parent\" data-id=\"721f6eb\" data-element_type=\"container\" data-e-type=\"container\">\n\t\t\t\t\t<div class=\"e-con-inner\">\n\t\t\t\t<div class=\"elementor-element elementor-element-2f98fd4 elementor-widget elementor-widget-text-editor\" data-id=\"2f98fd4\" data-element_type=\"widget\" data-e-type=\"widget\" data-widget_type=\"text-editor.default\">\n\t\t\t\t<div class=\"elementor-widget-container\">\n\t\t\t\t\t\t\t\t\t<div id=\"comp-kv2kc5p2\" class=\"KcpHeO tz5f0K comp-kv2kc5p2 wixui-rich-text\" data-testid=\"richTextElement\"><h2 class=\"font_3 wixui-rich-text__text\" style=\"text-align: center;\"><span class=\"wixui-rich-text__text\" style=\"color: #3366ff;\">Juillet 2021, L&rsquo;\u00e9t\u00e9 \u00e0 la Maladrerie-Emile Dubois<\/span><\/h2><\/div>\t\t\t\t\t\t\t\t<\/div>\n\t\t\t\t<\/div>\n\t\t\t\t\t<\/div>\n\t\t\t\t<\/div>\n\t\t<div class=\"elementor-element elementor-element-e2b0c55 e-flex e-con-boxed e-con e-parent\" data-id=\"e2b0c55\" data-element_type=\"container\" data-e-type=\"container\">\n\t\t\t\t\t<div class=\"e-con-inner\">\n\t\t<div class=\"elementor-element elementor-element-9db8e38 e-con-full e-flex e-con e-child\" data-id=\"9db8e38\" data-element_type=\"container\" data-e-type=\"container\">\n\t\t\t\t<div class=\"elementor-element elementor-element-83cbcff elementor-widget elementor-widget-image\" data-id=\"83cbcff\" data-element_type=\"widget\" data-e-type=\"widget\" data-widget_type=\"image.default\">\n\t\t\t\t<div class=\"elementor-widget-container\">\n\t\t\t\t\t\t\t\t\t\t\t\t<figure class=\"wp-caption\">\n\t\t\t\t\t\t\t\t\t\t<img loading=\"lazy\" decoding=\"async\" width=\"768\" height=\"354\" src=\"https:\/\/malanew.org\/wp-content\/uploads\/2024\/01\/babar2-768x354.jpg\" class=\"attachment-medium_large size-medium_large wp-image-1211\" alt=\"\" srcset=\"https:\/\/malanew.org\/wp-content\/uploads\/2024\/01\/babar2-768x354.jpg 768w, https:\/\/malanew.org\/wp-content\/uploads\/2024\/01\/babar2-300x138.jpg 300w, https:\/\/malanew.org\/wp-content\/uploads\/2024\/01\/babar2-1024x472.jpg 1024w, https:\/\/malanew.org\/wp-content\/uploads\/2024\/01\/babar2-1536x709.jpg 1536w, https:\/\/malanew.org\/wp-content\/uploads\/2024\/01\/babar2-2048x945.jpg 2048w\" sizes=\"(max-width: 768px) 100vw, 768px\" \/>\t\t\t\t\t\t\t\t\t\t\t<figcaption class=\"widget-image-caption wp-caption-text\">Aux 3B et Power ASSO<\/figcaption>\n\t\t\t\t\t\t\t\t\t\t<\/figure>\n\t\t\t\t\t\t\t\t\t<\/div>\n\t\t\t\t<\/div>\n\t\t\t\t<\/div>\n\t\t<div class=\"elementor-element elementor-element-09340e2 e-con-full e-flex e-con e-child\" data-id=\"09340e2\" data-element_type=\"container\" data-e-type=\"container\">\n\t\t\t\t<div class=\"elementor-element elementor-element-8af0940 elementor-widget elementor-widget-text-editor\" data-id=\"8af0940\" data-element_type=\"widget\" data-e-type=\"widget\" data-widget_type=\"text-editor.default\">\n\t\t\t\t<div class=\"elementor-widget-container\">\n\t\t\t\t\t\t\t\t\t<p class=\"font_8 wixui-rich-text__text\"><span class=\"wixui-rich-text__text\">Cet \u00e9t\u00e9, la ville et des associations d\u2019Aubervilliers proposent une programmation riche, souvent gratuite, ouverte \u00e0 tous et toutes en juillet et Ao\u00fbt. Un enfant sur trois ne part pas en vacances d\u2019apr\u00e8s l\u2019observatoire des in\u00e9galit\u00e9s. Ce bulletin vous indique les activit\u00e9s de proximit\u00e9 qui sont accessibles pour vous, vos enfants et vos a\u00een\u00e9s dans la cit\u00e9 et les environs. Nous avons la chance d\u2019\u00eatre entour\u00e9s de verdure, nous sommes dans un endroit privil\u00e9gi\u00e9. Nous vous souhaitons un bel \u00e9t\u00e9 et nous vous pr\u00e9sentons quelques personnalit\u00e9s.\u00a0<\/span><\/p><p class=\"font_8 wixui-rich-text__text\"><a href=\"https:\/\/malanew.org\/wp-content\/uploads\/2024\/01\/Echos-4-Lete.pdf\"><span class=\"wixui-rich-text__text\">Lien pour le num\u00e9ro.<\/span><\/a><\/p>\t\t\t\t\t\t\t\t<\/div>\n\t\t\t\t<\/div>\n\t\t\t\t<\/div>\n\t\t\t\t\t<\/div>\n\t\t\t\t<\/div>\n\t\t<div class=\"elementor-element elementor-element-1e56c39 e-flex e-con-boxed e-con e-parent\" data-id=\"1e56c39\" data-element_type=\"container\" data-e-type=\"container\">\n\t\t\t\t\t<div class=\"e-con-inner\">\n\t\t\t\t<div class=\"elementor-element elementor-element-8dc171f elementor-widget elementor-widget-heading\" data-id=\"8dc171f\" data-element_type=\"widget\" data-e-type=\"widget\" data-widget_type=\"heading.default\">\n\t\t\t\t<div class=\"elementor-widget-container\">\n\t\t\t\t\t<h3 class=\"elementor-heading-title elementor-size-default\">Mai 2021: Prendre soin de soi : rester en bonne sant\u00e9\u00a0<\/h3>\t\t\t\t<\/div>\n\t\t\t\t<\/div>\n\t\t\t\t\t<\/div>\n\t\t\t\t<\/div>\n\t\t<div class=\"elementor-element elementor-element-d427c03 e-flex e-con-boxed e-con e-parent\" data-id=\"d427c03\" data-element_type=\"container\" data-e-type=\"container\">\n\t\t\t\t\t<div class=\"e-con-inner\">\n\t\t<div class=\"elementor-element elementor-element-697a6e1 e-con-full e-flex e-con e-child\" data-id=\"697a6e1\" data-element_type=\"container\" data-e-type=\"container\">\n\t\t\t\t<div class=\"elementor-element elementor-element-0804bcc elementor-widget elementor-widget-text-editor\" data-id=\"0804bcc\" data-element_type=\"widget\" data-e-type=\"widget\" data-widget_type=\"text-editor.default\">\n\t\t\t\t<div class=\"elementor-widget-container\">\n\t\t\t\t\t\t\t\t\t<p class=\"font_8 wixui-rich-text__text\"><span class=\"wixui-rich-text__text\">Dans ce bulletin, nous allons vous donner des conseils et vous pr\u00e9senter quelques personnes qui peuvent vous entourer et vous aider \u00e0 pr\u00e9server votre sant\u00e9. \u00ab La sant\u00e9, c\u2019est la vie dans le silence des organes \u00bb. Mais la sant\u00e9 n\u2019est pas seulement l\u2019absence de maladie ! Sant\u00e9 et bien-\u00eatre sont indissociables. Il faut anticiper et pr\u00e9venir la maladie. Toute personne conviviale aimant chanter, danser, se promener agit pour son bien-\u00eatre et sa sant\u00e9.\u00a0<\/span><span class=\"wixui-rich-text__text\">La Maladrerie nous permet de prendre l\u2019air, se balader, cultiver son jardin ou sa terrasse, faire pousser des l\u00e9gumes. Profitons-en, et prenons soin de notre sant\u00e9 et de celle des autres !\u00a0<\/span><a href=\"https:\/\/malanew.org\/wp-content\/uploads\/2024\/01\/Echos-3-La-sante.pdf\"><span class=\"wixui-rich-text__text\">Lien vers le num\u00e9ro<\/span><\/a><\/p>\t\t\t\t\t\t\t\t<\/div>\n\t\t\t\t<\/div>\n\t\t\t\t<\/div>\n\t\t<div class=\"elementor-element elementor-element-0600737 e-con-full e-flex e-con e-child\" data-id=\"0600737\" data-element_type=\"container\" data-e-type=\"container\">\n\t\t<div class=\"elementor-element elementor-element-c676df5 e-flex e-con-boxed e-con e-child\" data-id=\"c676df5\" data-element_type=\"container\" data-e-type=\"container\">\n\t\t\t\t\t<div class=\"e-con-inner\">\n\t\t\t\t<div class=\"elementor-element elementor-element-ecb1198 elementor-widget elementor-widget-image\" data-id=\"ecb1198\" data-element_type=\"widget\" data-e-type=\"widget\" data-widget_type=\"image.default\">\n\t\t\t\t<div class=\"elementor-widget-container\">\n\t\t\t\t\t\t\t\t\t\t\t\t<figure class=\"wp-caption\">\n\t\t\t\t\t\t\t\t\t\t<img loading=\"lazy\" decoding=\"async\" width=\"287\" height=\"300\" src=\"https:\/\/malanew.org\/wp-content\/uploads\/2024\/01\/Patricia-ThevenotRecadre-reduit-287x300.jpg\" class=\"attachment-medium size-medium wp-image-1239\" alt=\"\" srcset=\"https:\/\/malanew.org\/wp-content\/uploads\/2024\/01\/Patricia-ThevenotRecadre-reduit-287x300.jpg 287w, https:\/\/malanew.org\/wp-content\/uploads\/2024\/01\/Patricia-ThevenotRecadre-reduit-981x1024.jpg 981w, https:\/\/malanew.org\/wp-content\/uploads\/2024\/01\/Patricia-ThevenotRecadre-reduit-768x801.jpg 768w, https:\/\/malanew.org\/wp-content\/uploads\/2024\/01\/Patricia-ThevenotRecadre-reduit.jpg 1126w\" sizes=\"(max-width: 287px) 100vw, 287px\" \/>\t\t\t\t\t\t\t\t\t\t\t<figcaption class=\"widget-image-caption wp-caption-text\">Dr Th\u00e9venot<\/figcaption>\n\t\t\t\t\t\t\t\t\t\t<\/figure>\n\t\t\t\t\t\t\t\t\t<\/div>\n\t\t\t\t<\/div>\n\t\t\t\t\t<\/div>\n\t\t\t\t<\/div>\n\t\t\t\t<\/div>\n\t\t\t\t\t<\/div>\n\t\t\t\t<\/div>\n\t\t<div class=\"elementor-element elementor-element-364771c e-flex e-con-boxed e-con e-parent\" data-id=\"364771c\" data-element_type=\"container\" data-e-type=\"container\">\n\t\t\t\t\t<div class=\"e-con-inner\">\n\t\t\t\t<div class=\"elementor-element elementor-element-7c9651d elementor-widget elementor-widget-heading\" data-id=\"7c9651d\" data-element_type=\"widget\" data-e-type=\"widget\" data-widget_type=\"heading.default\">\n\t\t\t\t<div class=\"elementor-widget-container\">\n\t\t\t\t\t<h2 class=\"elementor-heading-title elementor-size-default\">Mai 2021: La culture en partage<\/h2>\t\t\t\t<\/div>\n\t\t\t\t<\/div>\n\t\t\t\t\t<\/div>\n\t\t\t\t<\/div>\n\t\t<div class=\"elementor-element elementor-element-f99f2da e-flex e-con-boxed e-con e-parent\" data-id=\"f99f2da\" data-element_type=\"container\" data-e-type=\"container\">\n\t\t\t\t\t<div class=\"e-con-inner\">\n\t\t<div class=\"elementor-element elementor-element-02c4409 e-con-full e-flex e-con e-child\" data-id=\"02c4409\" data-element_type=\"container\" data-e-type=\"container\">\n\t\t<div class=\"elementor-element elementor-element-b7f7f65 e-flex e-con-boxed e-con e-child\" data-id=\"b7f7f65\" data-element_type=\"container\" data-e-type=\"container\">\n\t\t\t\t\t<div class=\"e-con-inner\">\n\t\t\t\t<div class=\"elementor-element elementor-element-80d67a2 elementor-widget elementor-widget-image\" data-id=\"80d67a2\" data-element_type=\"widget\" data-e-type=\"widget\" data-widget_type=\"image.default\">\n\t\t\t\t<div class=\"elementor-widget-container\">\n\t\t\t\t\t\t\t\t\t\t\t\t<figure class=\"wp-caption\">\n\t\t\t\t\t\t\t\t\t\t<img loading=\"lazy\" decoding=\"async\" width=\"592\" height=\"296\" src=\"https:\/\/malanew.org\/wp-content\/uploads\/2024\/01\/Hocine-Benlegende.jpg\" class=\"attachment-medium_large size-medium_large wp-image-1251\" alt=\"\" srcset=\"https:\/\/malanew.org\/wp-content\/uploads\/2024\/01\/Hocine-Benlegende.jpg 592w, https:\/\/malanew.org\/wp-content\/uploads\/2024\/01\/Hocine-Benlegende-300x150.jpg 300w\" sizes=\"(max-width: 592px) 100vw, 592px\" \/>\t\t\t\t\t\t\t\t\t\t\t<figcaption class=\"widget-image-caption wp-caption-text\">Hocine Ben<\/figcaption>\n\t\t\t\t\t\t\t\t\t\t<\/figure>\n\t\t\t\t\t\t\t\t\t<\/div>\n\t\t\t\t<\/div>\n\t\t\t\t\t<\/div>\n\t\t\t\t<\/div>\n\t\t\t\t<\/div>\n\t\t\t\t<div class=\"elementor-element elementor-element-1f7f0e1 elementor-widget elementor-widget-text-editor\" data-id=\"1f7f0e1\" data-element_type=\"widget\" data-e-type=\"widget\" data-widget_type=\"text-editor.default\">\n\t\t\t\t<div class=\"elementor-widget-container\">\n\t\t\t\t\t\t\t\t\t<p>Voisins voisines, voici un parcours artistique et po\u00e9tique de votre cit\u00e9 accessible \u00e0 tous, voici le c\u0153ur cr\u00e9atif de la cit\u00e9. Pand\u00e9mie et r\u00eaverie peuvent se croiser dans notre quartier. La Maladrerie et l\u2019art, c\u2019est une histoire qui dure.<\/p><p>D\u00e8s le d\u00e9part, l\u2019architecte Ren\u00e9e Gailhoustet d\u00e9cide d\u2019int\u00e9grer une quarantaine d\u2019ateliers d\u2019artistes dans la cit\u00e9 Ces logements \u2013 ateliers permettent \u00e0 des artistes de conjuguer harmonieusement vie personnelle et cr\u00e9ative.<\/p><p>L\u2019OPH d\u2019Aubervilliers a dans son patrimoine 40 logements- ateliers dont les loyers ne sont pas trop \u00e9lev\u00e9s mais ils ne sont pas en nombre suffisant pour satisfaire toutes les demandes.<\/p><p>Ce bulletin vous pr\u00e9sente quelques artistes de la Maladrerie qui vivent et travaillent parmi nous, certains depuis la naissance de la cit\u00e9, d\u2019autres viennent de nous rejoindre et nous vous invitons \u00e0 les d\u00e9couvrir. <a href=\"https:\/\/malanew.org\/wp-content\/uploads\/2024\/01\/Echos-2-La-culture.pdf\">Lien vers le num\u00e9ro<\/a><\/p>\t\t\t\t\t\t\t\t<\/div>\n\t\t\t\t<\/div>\n\t\t\t\t\t<\/div>\n\t\t\t\t<\/div>\n\t\t<div class=\"elementor-element elementor-element-aac5ba2 e-flex e-con-boxed e-con e-parent\" data-id=\"aac5ba2\" data-element_type=\"container\" data-e-type=\"container\">\n\t\t\t\t\t<div class=\"e-con-inner\">\n\t\t\t\t<div class=\"elementor-element elementor-element-16a26cf elementor-widget elementor-widget-heading\" data-id=\"16a26cf\" data-element_type=\"widget\" data-e-type=\"widget\" data-widget_type=\"heading.default\">\n\t\t\t\t<div class=\"elementor-widget-container\">\n\t\t\t\t\t<h2 class=\"elementor-heading-title elementor-size-default\">Janvier 2021: Voisines et voisins (pr\u00e9sentations des associations).\u00a0<\/h2>\t\t\t\t<\/div>\n\t\t\t\t<\/div>\n\t\t\t\t\t<\/div>\n\t\t\t\t<\/div>\n\t\t<div class=\"elementor-element elementor-element-3e124c9 e-flex e-con-boxed e-con e-parent\" data-id=\"3e124c9\" data-element_type=\"container\" data-e-type=\"container\">\n\t\t\t\t\t<div class=\"e-con-inner\">\n\t\t<div class=\"elementor-element elementor-element-e28affa e-con-full e-flex e-con e-child\" data-id=\"e28affa\" data-element_type=\"container\" data-e-type=\"container\">\n\t\t\t\t<div class=\"elementor-element elementor-element-3f686ca elementor-widget elementor-widget-text-editor\" data-id=\"3f686ca\" data-element_type=\"widget\" data-e-type=\"widget\" data-widget_type=\"text-editor.default\">\n\t\t\t\t<div class=\"elementor-widget-container\">\n\t\t\t\t\t\t\t\t\t<p>Dans cette cit\u00e9 si originale con\u00e7ue pour un quotidien chaleureux, diff\u00e9rentes associations se sont constitu\u00e9es depuis de nombreuses ann\u00e9es Pendant cette p\u00e9riode sanitaire difficile il nous a sembl\u00e9 important de communiquer sur toutes les activit\u00e9s de la cit\u00e9 Nous vous proposons ce bulletin pour vous pr\u00e9senter ces activit\u00e9s, afin de pouvoir vous y associer et \u00e9changer des recettes de vie, des informations diverses et vari\u00e9es Ceci est un premier jet, toutes les propositions sont les bienvenues.\u00a0<\/p><p><a href=\"https:\/\/malanew.org\/wp-content\/uploads\/2024\/01\/Echos-1-Associations.pdf\">Lien vers le num\u00e9ro<\/a><\/p>\t\t\t\t\t\t\t\t<\/div>\n\t\t\t\t<\/div>\n\t\t\t\t<\/div>\n\t\t<div class=\"elementor-element elementor-element-7da6bd4 e-con-full e-flex e-con e-child\" data-id=\"7da6bd4\" data-element_type=\"container\" data-e-type=\"container\">\n\t\t<div class=\"elementor-element elementor-element-c3d8c2f e-flex e-con-boxed e-con e-child\" data-id=\"c3d8c2f\" data-element_type=\"container\" data-e-type=\"container\">\n\t\t\t\t\t<div class=\"e-con-inner\">\n\t\t\t\t<div class=\"elementor-element elementor-element-fb630bd elementor-widget elementor-widget-image\" data-id=\"fb630bd\" data-element_type=\"widget\" data-e-type=\"widget\" data-widget_type=\"image.default\">\n\t\t\t\t<div class=\"elementor-widget-container\">\n\t\t\t\t\t\t\t\t\t\t\t\t\t\t\t<img loading=\"lazy\" decoding=\"async\" width=\"321\" height=\"213\" src=\"https:\/\/malanew.org\/wp-content\/uploads\/2024\/01\/jeupaume.jpg\" class=\"attachment-large size-large wp-image-1260\" alt=\"\" srcset=\"https:\/\/malanew.org\/wp-content\/uploads\/2024\/01\/jeupaume.jpg 321w, https:\/\/malanew.org\/wp-content\/uploads\/2024\/01\/jeupaume-300x199.jpg 300w\" sizes=\"(max-width: 321px) 100vw, 321px\" \/>\t\t\t\t\t\t\t\t\t\t\t\t\t\t\t<\/div>\n\t\t\t\t<\/div>\n\t\t\t\t\t<\/div>\n\t\t\t\t<\/div>\n\t\t<div class=\"elementor-element elementor-element-c2c896b e-flex e-con-boxed e-con e-child\" data-id=\"c2c896b\" data-element_type=\"container\" data-e-type=\"container\">\n\t\t\t\t\t<div class=\"e-con-inner\">\n\t\t\t\t<div class=\"elementor-element elementor-element-2705074 elementor-widget elementor-widget-text-editor\" data-id=\"2705074\" data-element_type=\"widget\" data-e-type=\"widget\" data-widget_type=\"text-editor.default\">\n\t\t\t\t<div class=\"elementor-widget-container\">\n\t\t\t\t\t\t\t\t\t<p><em>Photo Marc Pataut: visite de son expo au Jeu de Paume R\u00e9sidence d&rsquo;artiste Les Go\u00fbts des autres, Fanny B\u00e9guery et le Capa d&rsquo;Aubervilliers, 2019.<\/em><\/p>\t\t\t\t\t\t\t\t<\/div>\n\t\t\t\t<\/div>\n\t\t\t\t\t<\/div>\n\t\t\t\t<\/div>\n\t\t\t\t<\/div>\n\t\t\t\t\t<\/div>\n\t\t\t\t<\/div>\n\t\t\t\t<\/div>\n\t\t","protected":false},"excerpt":{"rendered":"<p>Printemps-\u00e9t\u00e9 2022: Des femmes dans la cit\u00e9 Bien que certains probl\u00e8mes tendent \u00e0 subsister et parfois pas des moindres, \u00eatre une femme \u00e0 l\u2019\u00e9poque moderne est toutefois davantage teint\u00e9 d\u2019espoir que par le pass\u00e9. Les femmes sont plus sur le devant de la sc\u00e8ne, leurs possibilit\u00e9s ne cessent de cro\u00eetre, m\u00eame s\u2019il faut souligner qu\u2019elles [&hellip;]<\/p>\n","protected":false},"author":1,"featured_media":0,"parent":0,"menu_order":0,"comment_status":"closed","ping_status":"closed","template":"","meta":{"footnotes":""},"class_list":["post-882","page","type-page","status-publish","hentry"],"_links":{"self":[{"href":"https:\/\/malanew.org\/index.php?rest_route=\/wp\/v2\/pages\/882","targetHints":{"allow":["GET"]}}],"collection":[{"href":"https:\/\/malanew.org\/index.php?rest_route=\/wp\/v2\/pages"}],"about":[{"href":"https:\/\/malanew.org\/index.php?rest_route=\/wp\/v2\/types\/page"}],"author":[{"embeddable":true,"href":"https:\/\/malanew.org\/index.php?rest_route=\/wp\/v2\/users\/1"}],"replies":[{"embeddable":true,"href":"https:\/\/malanew.org\/index.php?rest_route=%2Fwp%2Fv2%2Fcomments&post=882"}],"version-history":[{"count":123,"href":"https:\/\/malanew.org\/index.php?rest_route=\/wp\/v2\/pages\/882\/revisions"}],"predecessor-version":[{"id":1289,"href":"https:\/\/malanew.org\/index.php?rest_route=\/wp\/v2\/pages\/882\/revisions\/1289"}],"wp:attachment":[{"href":"https:\/\/malanew.org\/index.php?rest_route=%2Fwp%2Fv2%2Fmedia&parent=882"}],"curies":[{"name":"wp","href":"https:\/\/api.w.org\/{rel}","templated":true}]}}